{"id":3901,"date":"2021-11-11T11:20:42","date_gmt":"2021-11-11T10:20:42","guid":{"rendered":"https:\/\/www.chambredhotecarcassonne.com\/portfolio-items\/base-nautica-de-puicheric\/"},"modified":"2022-04-03T16:15:57","modified_gmt":"2022-04-03T14:15:57","slug":"base-nautica-de-puicheric","status":"publish","type":"avada_portfolio","link":"https:\/\/www.chambredhotecarcassonne.com\/es\/portfolio-items\/base-nautica-de-puicheric\/","title":{"rendered":"Base n\u00e1utica de Puich\u00e9ric"},"content":{"rendered":"<p><div class=\"fusion-fullwidth fullwidth-box fusion-builder-row-1 fusion-flex-container nonhundred-percent-fullwidth non-hundred-percent-height-scrolling\" style=\"--awb-border-radius-top-left:0px;--awb-border-radius-top-right:0px;--awb-border-radius-bottom-right:0px;--awb-border-radius-bottom-left:0px;--awb-flex-wrap:wrap;\" ><div class=\"fusion-builder-row fusion-row fusion-flex-align-items-flex-start fusion-flex-content-wrap\" style=\"max-width:1248px;margin-left: calc(-4% \/ 2 );margin-right: calc(-4% \/ 2 );\"><div class=\"fusion-layout-column fusion_builder_column fusion-builder-column-0 fusion_builder_column_1_2 1_2 fusion-flex-column\" style=\"--awb-bg-size:cover;--awb-width-large:50%;--awb-margin-top-large:0px;--awb-spacing-right-large:3.84%;--awb-margin-bottom-large:20px;--awb-spacing-left-large:3.84%;--awb-width-medium:50%;--awb-order-medium:0;--awb-spacing-right-medium:3.84%;--awb-spacing-left-medium:3.84%;--awb-width-small:100%;--awb-order-small:0;--awb-spacing-right-small:1.92%;--awb-spacing-left-small:1.92%;\"><div class=\"fusion-column-wrapper fusion-column-has-shadow fusion-flex-justify-content-flex-start fusion-content-layout-column\"><div class=\"fusion-text fusion-text-1\" style=\"--awb-text-transform:none;\"><p>Base n\u00e1utica situada en Puich\u00e9ric en Aude en el Pa\u00eds C\u00e1taro, un sitio a\u00fan desconocido pero muy rico en descubrimientos entre Corbi\u00e8res y Minervois, entre Monta\u00f1a y Costa, entre Naturaleza y Cultura en Languedoc-Roussillon&#8230; En alquiler gratuito o expedici\u00f3n supervisada, desl\u00edcese por el r\u00edo Aude con cerca de 50 km de magn\u00edficas rutas. Vuelve a los nacimientos del r\u00edo Aude en su valle alto, con cerca de 20 km de recorridos accidentados (clase III IV). En espeleolog\u00eda, varias cuevas en Minervois y Corbi\u00e8res o Montagne Noire, y en escalada \u00abNotre Dame du Cros\u00bb o \u00abVia Corda\u00bb, \u00a1para una excursi\u00f3n de medio d\u00eda o de d\u00eda completo!<\/p>\n<\/div><\/div><\/div><div class=\"fusion-layout-column fusion_builder_column fusion-builder-column-1 fusion_builder_column_1_2 1_2 fusion-flex-column\" style=\"--awb-bg-size:cover;--awb-width-large:50%;--awb-margin-top-large:0px;--awb-spacing-right-large:3.84%;--awb-margin-bottom-large:20px;--awb-spacing-left-large:3.84%;--awb-width-medium:50%;--awb-order-medium:0;--awb-spacing-right-medium:3.84%;--awb-spacing-left-medium:3.84%;--awb-width-small:100%;--awb-order-small:0;--awb-spacing-right-small:1.92%;--awb-spacing-left-small:1.92%;\"><div class=\"fusion-column-wrapper fusion-column-has-shadow fusion-flex-justify-content-flex-start fusion-content-layout-column\"><div class=\"fusion-image-element \" style=\"--awb-caption-title-font-family:var(--h2_typography-font-family);--awb-caption-title-font-weight:var(--h2_typography-font-weight);--awb-caption-title-font-style:var(--h2_typography-font-style);--awb-caption-title-size:var(--h2_typography-font-size);--awb-caption-title-transform:var(--h2_typography-text-transform);--awb-caption-title-line-height:var(--h2_typography-line-height);--awb-caption-title-letter-spacing:var(--h2_typography-letter-spacing);\"><span class=\" fusion-imageframe imageframe-none imageframe-1 hover-type-none\"><img decoding=\"async\" width=\"1200\" height=\"788\" title=\"Eau-izon &#8211; l&#8217;Aude, Base de Puich\u00e9ric\" src=\"https:\/\/www.chambredhotecarcassonne.com\/wp-content\/uploads\/2021\/11\/puicheric-Palau.jpg\" alt class=\"img-responsive wp-image-3353\" srcset=\"https:\/\/www.chambredhotecarcassonne.com\/wp-content\/uploads\/2021\/11\/puicheric-Palau-200x131.jpg 200w, https:\/\/www.chambredhotecarcassonne.com\/wp-content\/uploads\/2021\/11\/puicheric-Palau-400x263.jpg 400w, https:\/\/www.chambredhotecarcassonne.com\/wp-content\/uploads\/2021\/11\/puicheric-Palau-600x394.jpg 600w, https:\/\/www.chambredhotecarcassonne.com\/wp-content\/uploads\/2021\/11\/puicheric-Palau-800x525.jpg 800w, https:\/\/www.chambredhotecarcassonne.com\/wp-content\/uploads\/2021\/11\/puicheric-Palau.jpg 1200w\" sizes=\"(max-width: 640px) 100vw, 600px\" \/><\/span><\/div><\/div><\/div><\/div><\/div><div class=\"fusion-fullwidth fullwidth-box fusion-builder-row-2 fusion-flex-container nonhundred-percent-fullwidth non-hundred-percent-height-scrolling\" style=\"--awb-border-radius-top-left:0px;--awb-border-radius-top-right:0px;--awb-border-radius-bottom-right:0px;--awb-border-radius-bottom-left:0px;--awb-flex-wrap:wrap;\" ><div class=\"fusion-builder-row fusion-row fusion-flex-align-items-flex-start fusion-flex-content-wrap\" style=\"max-width:1248px;margin-left: calc(-4% \/ 2 );margin-right: calc(-4% \/ 2 );\"><div class=\"fusion-layout-column fusion_builder_column fusion-builder-column-2 fusion_builder_column_1_1 1_1 fusion-flex-column\" style=\"--awb-bg-size:cover;--awb-width-large:100%;--awb-margin-top-large:0px;--awb-spacing-right-large:1.92%;--awb-margin-bottom-large:20px;--awb-spacing-left-large:1.92%;--awb-width-medium:100%;--awb-order-medium:0;--awb-spacing-right-medium:1.92%;--awb-spacing-left-medium:1.92%;--awb-width-small:100%;--awb-order-small:0;--awb-spacing-right-small:1.92%;--awb-spacing-left-small:1.92%;\"><div class=\"fusion-column-wrapper fusion-column-has-shadow fusion-flex-justify-content-flex-start fusion-content-layout-column\"><div class=\"fusion-text fusion-text-2 fusion-text-no-margin\" style=\"--awb-text-transform:none;--awb-margin-bottom:10px;\"><div id=\"jig1\" class=\"justified-image-grid jig-3a8c144ba4689ed517a1fb7249aec639 jig-preset-global jig-source-wp-gallery\"><div class=\"jig-clearfix\"><\/div><noscript id=\"jig1-html\" class=\"justified-image-grid-html\" data-lazy-src=\"skiplazyload\" data-src=\"skipunveillazyload\"><ul><li><a href=\"https:\/\/www.chambredhotecarcassonne.com\/wp-content\/uploads\/2021\/11\/Pont_Saint-Joseph_Agde_Herault_02-1024x542.jpg\"><img decoding=\"async\" src=\"https:\/\/www.chambredhotecarcassonne.com\/wp-content\/plugins\/justified-image-grid\/timthumb.php?src=https%3A%2F%2Fwww.chambredhotecarcassonne.com%2Fwp-content%2Fuploads%2F2021%2F11%2FPont_Saint-Joseph_Agde_Herault_02-1024x542.jpg&amp;h=322&amp;q=90&amp;f=.jpg\" alt=\"Pont_Saint-Joseph,_Agde,_H\u00e9rault_02\" width=\"608\" height=\"322\" \/><\/a><p class=\"jig-HTMLdescription\">Pont_Saint-Joseph,_Agde,_H\u00e9rault_02<\/p><\/li><li><a href=\"https:\/\/www.chambredhotecarcassonne.com\/wp-content\/uploads\/2021\/11\/canal_trebes-1024x686.jpg\"><img decoding=\"async\" src=\"https:\/\/www.chambredhotecarcassonne.com\/wp-content\/plugins\/justified-image-grid\/timthumb.php?src=https%3A%2F%2Fwww.chambredhotecarcassonne.com%2Fwp-content%2Fuploads%2F2021%2F11%2Fcanal_trebes-1024x686.jpg&amp;h=322&amp;q=90&amp;f=.jpg\" alt=\"canal_trebes\" width=\"480\" height=\"322\" \/><\/a><p class=\"jig-HTMLdescription\">canal_trebes<\/p><\/li><li><a href=\"https:\/\/www.chambredhotecarcassonne.com\/wp-content\/uploads\/2021\/11\/canal_carcassonne-1024x630.jpg\"><img decoding=\"async\" src=\"https:\/\/www.chambredhotecarcassonne.com\/wp-content\/plugins\/justified-image-grid\/timthumb.php?src=https%3A%2F%2Fwww.chambredhotecarcassonne.com%2Fwp-content%2Fuploads%2F2021%2F11%2Fcanal_carcassonne-1024x630.jpg&amp;h=322&amp;q=90&amp;f=.jpg\" alt=\"canal_carcassonne\" width=\"523\" height=\"322\" \/><\/a><p class=\"jig-HTMLdescription\">canal_carcassonne<\/p><\/li><li><a href=\"https:\/\/www.chambredhotecarcassonne.com\/wp-content\/uploads\/2021\/11\/canal_puicheric-1024x686.jpg\"><img decoding=\"async\" src=\"https:\/\/www.chambredhotecarcassonne.com\/wp-content\/plugins\/justified-image-grid\/timthumb.php?src=https%3A%2F%2Fwww.chambredhotecarcassonne.com%2Fwp-content%2Fuploads%2F2021%2F11%2Fcanal_puicheric-1024x686.jpg&amp;h=322&amp;q=90&amp;f=.jpg\" alt=\"canal_puicheric\" width=\"480\" height=\"322\" \/><\/a><p class=\"jig-HTMLdescription\">canal_puicheric<\/p><\/li><li><a href=\"https:\/\/www.chambredhotecarcassonne.com\/wp-content\/uploads\/2021\/11\/canal_Marseillette1-1024x686.jpg\"><img decoding=\"async\" src=\"https:\/\/www.chambredhotecarcassonne.com\/wp-content\/plugins\/justified-image-grid\/timthumb.php?src=https%3A%2F%2Fwww.chambredhotecarcassonne.com%2Fwp-content%2Fuploads%2F2021%2F11%2Fcanal_Marseillette1-1024x686.jpg&amp;h=322&amp;q=90&amp;f=.jpg\" alt=\"canal_Marseillette1\" width=\"480\" height=\"322\" \/><\/a><p class=\"jig-HTMLdescription\">canal_Marseillette1<\/p><\/li><li><a href=\"https:\/\/www.chambredhotecarcassonne.com\/wp-content\/uploads\/2021\/11\/Homps-1024x686.jpg\"><img decoding=\"async\" src=\"https:\/\/www.chambredhotecarcassonne.com\/wp-content\/plugins\/justified-image-grid\/timthumb.php?src=https%3A%2F%2Fwww.chambredhotecarcassonne.com%2Fwp-content%2Fuploads%2F2021%2F11%2FHomps-1024x686.jpg&amp;h=322&amp;q=90&amp;f=.jpg\" alt=\"Homps\" width=\"480\" height=\"322\" \/><\/a><p class=\"jig-HTMLdescription\">Homps<\/p><\/li><li><a href=\"https:\/\/www.chambredhotecarcassonne.com\/wp-content\/uploads\/2021\/11\/sommaille-1024x686.jpg\"><img decoding=\"async\" src=\"https:\/\/www.chambredhotecarcassonne.com\/wp-content\/plugins\/justified-image-grid\/timthumb.php?src=https%3A%2F%2Fwww.chambredhotecarcassonne.com%2Fwp-content%2Fuploads%2F2021%2F11%2Fsommaille-1024x686.jpg&amp;h=322&amp;q=90&amp;f=.jpg\" alt=\"sommaille\" width=\"480\" height=\"322\" \/><\/a><p class=\"jig-HTMLdescription\">sommaille<\/p><\/li><li><a href=\"https:\/\/www.chambredhotecarcassonne.com\/wp-content\/uploads\/2021\/11\/France_Canal_du_Midi_rigole_de_la_plaine-1024x768.jpg\"><img decoding=\"async\" src=\"https:\/\/www.chambredhotecarcassonne.com\/wp-content\/plugins\/justified-image-grid\/timthumb.php?src=https%3A%2F%2Fwww.chambredhotecarcassonne.com%2Fwp-content%2Fuploads%2F2021%2F11%2FFrance_Canal_du_Midi_rigole_de_la_plaine-1024x768.jpg&amp;h=322&amp;q=90&amp;f=.jpg\" alt=\"France_Canal_du_Midi_rigole_de_la_plaine\" width=\"429\" height=\"322\" \/><\/a><p class=\"jig-HTMLdescription\">France_Canal_du_Midi_rigole_de_la_plaine<\/p><\/li><li><a href=\"https:\/\/www.chambredhotecarcassonne.com\/wp-content\/uploads\/2021\/11\/France_Canal_du_Midi_ecluse_de_Negra-1024x768.jpg\"><img decoding=\"async\" src=\"https:\/\/www.chambredhotecarcassonne.com\/wp-content\/plugins\/justified-image-grid\/timthumb.php?src=https%3A%2F%2Fwww.chambredhotecarcassonne.com%2Fwp-content%2Fuploads%2F2021%2F11%2FFrance_Canal_du_Midi_ecluse_de_Negra-1024x768.jpg&amp;h=322&amp;q=90&amp;f=.jpg\" alt=\"France_Canal_du_Midi_\u00e9cluse_de_N\u00e9gra\" width=\"429\" height=\"322\" \/><\/a><p class=\"jig-HTMLdescription\">France_Canal_du_Midi_\u00e9cluse_de_N\u00e9gra<\/p><\/li><li><a href=\"https:\/\/www.chambredhotecarcassonne.com\/wp-content\/uploads\/2021\/11\/Bridge_over_Canal_du_Midi-1024x576.jpg\"><img decoding=\"async\" src=\"https:\/\/www.chambredhotecarcassonne.com\/wp-content\/plugins\/justified-image-grid\/timthumb.php?src=https%3A%2F%2Fwww.chambredhotecarcassonne.com%2Fwp-content%2Fuploads%2F2021%2F11%2FBridge_over_Canal_du_Midi-1024x576.jpg&amp;h=322&amp;q=90&amp;f=.jpg\" alt=\"Bridge_over_Canal_du_Midi\" width=\"572\" height=\"322\" \/><\/a><p class=\"jig-HTMLdescription\">Bridge_over_Canal_du_Midi<\/p><\/li><li><a href=\"https:\/\/www.chambredhotecarcassonne.com\/wp-content\/uploads\/2021\/11\/Aqueduct_Agent-Double_from_the_towpath_Nancy-1024x768.jpg\"><img decoding=\"async\" src=\"https:\/\/www.chambredhotecarcassonne.com\/wp-content\/plugins\/justified-image-grid\/timthumb.php?src=https%3A%2F%2Fwww.chambredhotecarcassonne.com%2Fwp-content%2Fuploads%2F2021%2F11%2FAqueduct_Agent-Double_from_the_towpath_Nancy-1024x768.jpg&amp;h=322&amp;q=90&amp;f=.jpg\" alt=\"Aqueduct_Agent-Double_from_the_towpath_(Nancy)\" width=\"429\" height=\"322\" \/><\/a><p class=\"jig-HTMLdescription\">Aqueduct_Agent-Double_from_the_towpath_(Nancy)<\/p><\/li><li><a href=\"https:\/\/www.chambredhotecarcassonne.com\/wp-content\/uploads\/2021\/11\/Peniche_Le_Tourville_ecluse_de_l_Aiguille_Canal-du-Midi-1024x768.jpg\"><img decoding=\"async\" src=\"https:\/\/www.chambredhotecarcassonne.com\/wp-content\/plugins\/justified-image-grid\/timthumb.php?src=https%3A%2F%2Fwww.chambredhotecarcassonne.com%2Fwp-content%2Fuploads%2F2021%2F11%2FPeniche_Le_Tourville_ecluse_de_l_Aiguille_Canal-du-Midi-1024x768.jpg&amp;h=322&amp;q=90&amp;f=.jpg\" alt=\"P\u00e9niche_Le_Tourville_\u00e9cluse_de_l_Aiguille_Canal-du-Midi\" width=\"429\" height=\"322\" \/><\/a><p class=\"jig-HTMLdescription\">P\u00e9niche_Le_Tourville_\u00e9cluse_de_l_Aiguille_Canal-du-Midi<\/p><\/li><\/ul><\/noscript><\/div>\n<\/div><a class=\"fusion-modal-text-link\" href=\"#\">\n<div class=\"map-responsive\"><iframe style=\"border: 0;\" src=\"https:\/\/www.google.com\/maps\/embed?pb=!1m18!1m12!1m3!1d4467.045423403786!2d2.6267302361381417!3d43.22280314130739!2m3!1f0!2f0!3f0!3m2!1i1024!2i768!4f13.1!3m3!1m2!1s0x12b1ce07bb2badf5%3A0x98e9a76ba8efc43a!2sEaurizon%20Base%20Nautique%20Cano%C3%AB%20Kayak%20%26%20Stand%20up%20Paddle!5e1!3m2!1sfr!2sfr!4v1636626002662!5m2!1sfr!2sfr\" width=\"600\" height=\"450\" allowfullscreen=\"allowfullscreen\"><\/iframe><\/div>\n<\/a><\/div><\/div><\/div><\/div><\/p>\n","protected":false},"excerpt":{"rendered":"","protected":false},"author":1,"featured_media":3353,"menu_order":0,"comment_status":"open","ping_status":"closed","template":"","format":"standard","meta":{"_monsterinsights_skip_tracking":false,"_monsterinsights_sitenote_active":false,"_monsterinsights_sitenote_note":"","_monsterinsights_sitenote_category":0,"footnotes":""},"portfolio_category":[92],"portfolio_skills":[],"portfolio_tags":[],"class_list":["post-3901","avada_portfolio","type-avada_portfolio","status-publish","format-standard","has-post-thumbnail","hentry","portfolio_category-agua"],"aioseo_notices":[],"_links":{"self":[{"href":"https:\/\/www.chambredhotecarcassonne.com\/es\/wp-json\/wp\/v2\/avada_portfolio\/3901","targetHints":{"allow":["GET"]}}],"collection":[{"href":"https:\/\/www.chambredhotecarcassonne.com\/es\/wp-json\/wp\/v2\/avada_portfolio"}],"about":[{"href":"https:\/\/www.chambredhotecarcassonne.com\/es\/wp-json\/wp\/v2\/types\/avada_portfolio"}],"author":[{"embeddable":true,"href":"https:\/\/www.chambredhotecarcassonne.com\/es\/wp-json\/wp\/v2\/users\/1"}],"replies":[{"embeddable":true,"href":"https:\/\/www.chambredhotecarcassonne.com\/es\/wp-json\/wp\/v2\/comments?post=3901"}],"version-history":[{"count":3,"href":"https:\/\/www.chambredhotecarcassonne.com\/es\/wp-json\/wp\/v2\/avada_portfolio\/3901\/revisions"}],"predecessor-version":[{"id":3904,"href":"https:\/\/www.chambredhotecarcassonne.com\/es\/wp-json\/wp\/v2\/avada_portfolio\/3901\/revisions\/3904"}],"wp:featuredmedia":[{"embeddable":true,"href":"https:\/\/www.chambredhotecarcassonne.com\/es\/wp-json\/wp\/v2\/media\/3353"}],"wp:attachment":[{"href":"https:\/\/www.chambredhotecarcassonne.com\/es\/wp-json\/wp\/v2\/media?parent=3901"}],"wp:term":[{"taxonomy":"portfolio_category","embeddable":true,"href":"https:\/\/www.chambredhotecarcassonne.com\/es\/wp-json\/wp\/v2\/portfolio_category?post=3901"},{"taxonomy":"portfolio_skills","embeddable":true,"href":"https:\/\/www.chambredhotecarcassonne.com\/es\/wp-json\/wp\/v2\/portfolio_skills?post=3901"},{"taxonomy":"portfolio_tags","embeddable":true,"href":"https:\/\/www.chambredhotecarcassonne.com\/es\/wp-json\/wp\/v2\/portfolio_tags?post=3901"}],"curies":[{"name":"wp","href":"https:\/\/api.w.org\/{rel}","templated":true}]}}