{"id":3927,"date":"2021-11-04T16:47:33","date_gmt":"2021-11-04T15:47:33","guid":{"rendered":"https:\/\/www.chambredhotecarcassonne.com\/portfolio-items\/castillo-de-puivert\/"},"modified":"2022-04-04T13:32:32","modified_gmt":"2022-04-04T11:32:32","slug":"castillo-de-puivert","status":"publish","type":"avada_portfolio","link":"https:\/\/www.chambredhotecarcassonne.com\/es\/portfolio-items\/castillo-de-puivert\/","title":{"rendered":"Castillo de Puivert"},"content":{"rendered":"<p><div class=\"fusion-fullwidth fullwidth-box fusion-builder-row-1 fusion-flex-container nonhundred-percent-fullwidth non-hundred-percent-height-scrolling\" style=\"--awb-border-radius-top-left:0px;--awb-border-radius-top-right:0px;--awb-border-radius-bottom-right:0px;--awb-border-radius-bottom-left:0px;--awb-flex-wrap:wrap;\" ><div class=\"fusion-builder-row fusion-row fusion-flex-align-items-flex-start fusion-flex-content-wrap\" style=\"max-width:1248px;margin-left: calc(-4% \/ 2 );margin-right: calc(-4% \/ 2 );\"><div class=\"fusion-layout-column fusion_builder_column fusion-builder-column-0 fusion_builder_column_1_1 1_1 fusion-flex-column\" style=\"--awb-bg-size:cover;--awb-width-large:100%;--awb-margin-top-large:0px;--awb-spacing-right-large:1.92%;--awb-margin-bottom-large:20px;--awb-spacing-left-large:1.92%;--awb-width-medium:100%;--awb-order-medium:0;--awb-spacing-right-medium:1.92%;--awb-spacing-left-medium:1.92%;--awb-width-small:100%;--awb-order-small:0;--awb-spacing-right-small:1.92%;--awb-spacing-left-small:1.92%;\"><div class=\"fusion-column-wrapper fusion-column-has-shadow fusion-flex-justify-content-flex-start fusion-content-layout-column\"><div class=\"fusion-text fusion-text-1\" style=\"--awb-text-transform:none;\"><p>El Castillo de Puivert es un castillo c\u00e1taro asentado sobre una colina que domina el pueblo de Puivert y su lago, a 605 metros de altitud. La construcci\u00f3n data del siglo XII. Las primeras menciones del edificio datan de 1152: entonces pertenec\u00eda a la familia Congost, en la \u00e9poca de la cruzada contra los albigenses. [<a href=\"https:\/\/es.wikipedia.org\/wiki\/Castillo_de_Puivert\">V\u00e9ase tambi\u00e9n el art\u00edculo de Wikipedia]<\/a><\/p>\n<\/div><\/div><\/div><\/div><\/div><div class=\"fusion-fullwidth fullwidth-box fusion-builder-row-2 fusion-flex-container nonhundred-percent-fullwidth non-hundred-percent-height-scrolling\" style=\"--awb-border-radius-top-left:0px;--awb-border-radius-top-right:0px;--awb-border-radius-bottom-right:0px;--awb-border-radius-bottom-left:0px;--awb-flex-wrap:wrap;\" ><div class=\"fusion-builder-row fusion-row fusion-flex-align-items-flex-start fusion-flex-content-wrap\" style=\"max-width:1248px;margin-left: calc(-4% \/ 2 );margin-right: calc(-4% \/ 2 );\"><div class=\"fusion-layout-column fusion_builder_column fusion-builder-column-1 fusion_builder_column_1_1 1_1 fusion-flex-column\" style=\"--awb-bg-size:cover;--awb-width-large:100%;--awb-margin-top-large:0px;--awb-spacing-right-large:1.92%;--awb-margin-bottom-large:20px;--awb-spacing-left-large:1.92%;--awb-width-medium:100%;--awb-order-medium:0;--awb-spacing-right-medium:1.92%;--awb-spacing-left-medium:1.92%;--awb-width-small:100%;--awb-order-small:0;--awb-spacing-right-small:1.92%;--awb-spacing-left-small:1.92%;\"><div class=\"fusion-column-wrapper fusion-column-has-shadow fusion-flex-justify-content-flex-start fusion-content-layout-column\"><div class=\"fusion-text fusion-text-2\" style=\"--awb-text-transform:none;\"><div id=\"jig1\" class=\"justified-image-grid jig-56f4c2fef67d395c17970cc4744756d2 jig-preset-global jig-source-wp-gallery\"><div class=\"jig-clearfix\"><\/div><noscript id=\"jig1-html\" class=\"justified-image-grid-html\" data-lazy-src=\"skiplazyload\" data-src=\"skipunveillazyload\"><ul><li><a href=\"https:\/\/www.chambredhotecarcassonne.com\/wp-content\/uploads\/2021\/11\/CHATEAU_CATHARE.jpg\" title=\"CHATEAU_CATHARE\"><img decoding=\"async\" src=\"https:\/\/www.chambredhotecarcassonne.com\/wp-content\/plugins\/justified-image-grid\/timthumb.php?src=https%3A%2F%2Fwww.chambredhotecarcassonne.com%2Fwp-content%2Fuploads%2F2021%2F11%2FCHATEAU_CATHARE.jpg&amp;h=310&amp;q=90&amp;f=.jpg\" alt=\"CHATEAU_CATHARE\" width=\"505\" height=\"310\" \/><\/a><p class=\"jig-HTMLdescription\">CHATEAU_CATHARE<\/p><\/li><li><a href=\"https:\/\/www.chambredhotecarcassonne.com\/wp-content\/uploads\/2021\/11\/800px-Puivert-tour-591x1024.jpg\"><img decoding=\"async\" src=\"https:\/\/www.chambredhotecarcassonne.com\/wp-content\/plugins\/justified-image-grid\/timthumb.php?src=https%3A%2F%2Fwww.chambredhotecarcassonne.com%2Fwp-content%2Fuploads%2F2021%2F11%2F800px-Puivert-tour-591x1024.jpg&amp;h=310&amp;q=90&amp;f=.jpg\" alt=\"800px-Puivert-tour\" width=\"178\" height=\"310\" \/><\/a><p class=\"jig-HTMLdescription\">800px-Puivert-tour<\/p><\/li><li><a href=\"https:\/\/www.chambredhotecarcassonne.com\/wp-content\/uploads\/2021\/11\/Chateau_de_Puivert_48-1024x768.jpg\"><img decoding=\"async\" src=\"https:\/\/www.chambredhotecarcassonne.com\/wp-content\/plugins\/justified-image-grid\/timthumb.php?src=https%3A%2F%2Fwww.chambredhotecarcassonne.com%2Fwp-content%2Fuploads%2F2021%2F11%2FChateau_de_Puivert_48-1024x768.jpg&amp;h=310&amp;q=90&amp;f=.jpg\" alt=\"Ch\u00e2teau_de_Puivert_48\" width=\"413\" height=\"310\" \/><\/a><p class=\"jig-HTMLdescription\">Ch\u00e2teau_de_Puivert_48<\/p><\/li><li><a href=\"https:\/\/www.chambredhotecarcassonne.com\/wp-content\/uploads\/2021\/11\/Chateau_de_Puivert_20-768x1024.jpg\"><img decoding=\"async\" src=\"https:\/\/www.chambredhotecarcassonne.com\/wp-content\/plugins\/justified-image-grid\/timthumb.php?src=https%3A%2F%2Fwww.chambredhotecarcassonne.com%2Fwp-content%2Fuploads%2F2021%2F11%2FChateau_de_Puivert_20-768x1024.jpg&amp;h=310&amp;q=90&amp;f=.jpg\" alt=\"Ch\u00e2teau_de_Puivert_20\" width=\"232\" height=\"310\" \/><\/a><p class=\"jig-HTMLdescription\">Ch\u00e2teau_de_Puivert_20<\/p><\/li><li><a href=\"https:\/\/www.chambredhotecarcassonne.com\/wp-content\/uploads\/2021\/11\/Chateau_de_Puivert_24-1024x768.jpg\"><img decoding=\"async\" src=\"https:\/\/www.chambredhotecarcassonne.com\/wp-content\/plugins\/justified-image-grid\/timthumb.php?src=https%3A%2F%2Fwww.chambredhotecarcassonne.com%2Fwp-content%2Fuploads%2F2021%2F11%2FChateau_de_Puivert_24-1024x768.jpg&amp;h=310&amp;q=90&amp;f=.jpg\" alt=\"Ch\u00e2teau_de_Puivert_24\" width=\"413\" height=\"310\" \/><\/a><p class=\"jig-HTMLdescription\">Ch\u00e2teau_de_Puivert_24<\/p><\/li><\/ul><\/noscript><\/div>\n<\/div><\/div><\/div><\/div><\/div><div class=\"fusion-fullwidth fullwidth-box fusion-builder-row-3 fusion-flex-container nonhundred-percent-fullwidth non-hundred-percent-height-scrolling\" style=\"--awb-border-radius-top-left:0px;--awb-border-radius-top-right:0px;--awb-border-radius-bottom-right:0px;--awb-border-radius-bottom-left:0px;--awb-flex-wrap:wrap;\" ><div class=\"fusion-builder-row fusion-row fusion-flex-align-items-flex-start fusion-flex-content-wrap\" style=\"max-width:1248px;margin-left: calc(-4% \/ 2 );margin-right: calc(-4% \/ 2 );\"><div class=\"fusion-layout-column fusion_builder_column fusion-builder-column-2 fusion_builder_column_1_1 1_1 fusion-flex-column\" style=\"--awb-bg-size:cover;--awb-width-large:100%;--awb-margin-top-large:0px;--awb-spacing-right-large:1.92%;--awb-margin-bottom-large:20px;--awb-spacing-left-large:1.92%;--awb-width-medium:100%;--awb-order-medium:0;--awb-spacing-right-medium:1.92%;--awb-spacing-left-medium:1.92%;--awb-width-small:100%;--awb-order-small:0;--awb-spacing-right-small:1.92%;--awb-spacing-left-small:1.92%;\"><div class=\"fusion-column-wrapper fusion-column-has-shadow fusion-flex-justify-content-flex-start fusion-content-layout-column\"><a class=\"fusion-modal-text-link\" href=\"#\">\n<div class=\"map-responsive\"><iframe style=\"border: 0;\" src=\"https:\/\/www.google.com\/maps\/embed?pb=!1m18!1m12!1m3!1d2341.030402934315!2d2.054173716163457!3d42.921004847510474!2m3!1f0!2f0!3f0!3m2!1i1024!2i768!4f13.1!3m3!1m2!1s0x0%3A0x0!2zNDLCsDU1JzE2LjAiTiAywrAwMycyMC4wIkU!5e1!3m2!1sfr!2sfr!4v1636040779264!5m2!1sfr!2sfr\" width=\"600\" height=\"450\" allowfullscreen=\"allowfullscreen\"><\/iframe><\/div>\n<\/a><\/div><\/div><\/div><\/div><\/p>\n","protected":false},"excerpt":{"rendered":"","protected":false},"author":1,"featured_media":3194,"menu_order":0,"comment_status":"open","ping_status":"closed","template":"","format":"standard","meta":{"_monsterinsights_skip_tracking":false,"_monsterinsights_sitenote_active":false,"_monsterinsights_sitenote_note":"","_monsterinsights_sitenote_category":0,"footnotes":""},"portfolio_category":[94,97],"portfolio_skills":[],"portfolio_tags":[],"class_list":["post-3927","avada_portfolio","type-avada_portfolio","status-publish","format-standard","has-post-thumbnail","hentry","portfolio_category-arquitectura","portfolio_category-castillo"],"aioseo_notices":[],"_links":{"self":[{"href":"https:\/\/www.chambredhotecarcassonne.com\/es\/wp-json\/wp\/v2\/avada_portfolio\/3927","targetHints":{"allow":["GET"]}}],"collection":[{"href":"https:\/\/www.chambredhotecarcassonne.com\/es\/wp-json\/wp\/v2\/avada_portfolio"}],"about":[{"href":"https:\/\/www.chambredhotecarcassonne.com\/es\/wp-json\/wp\/v2\/types\/avada_portfolio"}],"author":[{"embeddable":true,"href":"https:\/\/www.chambredhotecarcassonne.com\/es\/wp-json\/wp\/v2\/users\/1"}],"replies":[{"embeddable":true,"href":"https:\/\/www.chambredhotecarcassonne.com\/es\/wp-json\/wp\/v2\/comments?post=3927"}],"version-history":[{"count":4,"href":"https:\/\/www.chambredhotecarcassonne.com\/es\/wp-json\/wp\/v2\/avada_portfolio\/3927\/revisions"}],"predecessor-version":[{"id":4076,"href":"https:\/\/www.chambredhotecarcassonne.com\/es\/wp-json\/wp\/v2\/avada_portfolio\/3927\/revisions\/4076"}],"wp:featuredmedia":[{"embeddable":true,"href":"https:\/\/www.chambredhotecarcassonne.com\/es\/wp-json\/wp\/v2\/media\/3194"}],"wp:attachment":[{"href":"https:\/\/www.chambredhotecarcassonne.com\/es\/wp-json\/wp\/v2\/media?parent=3927"}],"wp:term":[{"taxonomy":"portfolio_category","embeddable":true,"href":"https:\/\/www.chambredhotecarcassonne.com\/es\/wp-json\/wp\/v2\/portfolio_category?post=3927"},{"taxonomy":"portfolio_skills","embeddable":true,"href":"https:\/\/www.chambredhotecarcassonne.com\/es\/wp-json\/wp\/v2\/portfolio_skills?post=3927"},{"taxonomy":"portfolio_tags","embeddable":true,"href":"https:\/\/www.chambredhotecarcassonne.com\/es\/wp-json\/wp\/v2\/portfolio_tags?post=3927"}],"curies":[{"name":"wp","href":"https:\/\/api.w.org\/{rel}","templated":true}]}}